{"id":568,"date":"2021-01-03T18:34:25","date_gmt":"2021-01-03T16:34:25","guid":{"rendered":"http:\/\/www.aholanmaito.fi\/testi\/?page_id=568"},"modified":"2021-01-03T18:34:25","modified_gmt":"2021-01-03T16:34:25","slug":"vuosi-2012","status":"publish","type":"page","link":"https:\/\/www.aholanmaito.fi\/testi\/vuosi-2012\/","title":{"rendered":"Vuosi 2012"},"content":{"rendered":"\n<p><strong>20.12.2012 Parasta ja kalleinta<\/strong><\/p>\n\n\n\n<figure class=\"wp-block-image\"><img decoding=\"async\" src=\"http:\/\/www.aholanmaito.fi\/kuvat\/ajankohtaista\/2012\/eurocomp.jpg\" alt=\"Eurocomp\"\/><\/figure>\n\n\n\n<p>Navetta investointi etenee ja rahat hupenee. T\u00e4n\u00e4\u00e4n illalla varmistui apevaunukauppa, kun Janne M\u00e4llinen k\u00e4vi kyl\u00e4ss\u00e4 aamukahvilla. Helmikuussa pihaan pit\u00e4isi tulla Eurocomp EVM 3 ECO sekoitin mylly. Olisiko t\u00e4ss\u00e4 paras ja kallein vaunu meid\u00e4n tarpeeseen? Aika n\u00e4ytt\u00e4\u00e4, mutta ainakin t\u00e4ss\u00e4 laitteessa on jonkinverran tavanomaisesta poikkeava sekoitusperiaate.<\/p>\n\n\n\n<p>Tammikuussa pit\u00e4isi k\u00e4yd\u00e4 hakemassa Rovaniemelt\u00e4 muutama litra maitokiinti\u00f6t\u00e4 kasvavaan tarpeeseen. Ja huhtikuussa tulee ensimm\u00e4isi\u00e4 betonielementtej\u00e4 pihaan.Varpukankaalla murskataan soraa navetan alle ja pihalle. Yhdess\u00e4 asiassa pit\u00e4\u00e4 kirist\u00e4\u00e4 vy\u00f6t\u00e4: Investoinnin kustannusarvio k\u00e4y pieneksi jos valinnat kohdistuvat jatkossakin kalleimpiin tarvikkeisiin ja tuotteisiin.<\/p>\n\n\n\n<p><strong>5.12.2012 Vitsi?<\/strong><\/p>\n\n\n\n<div class=\"wp-block-columns is-layout-flex wp-container-core-columns-is-layout-9d6595d7 wp-block-columns-is-layout-flex\">\n<div class=\"wp-block-column is-layout-flow wp-block-column-is-layout-flow\">\n<figure class=\"wp-block-image\"><img decoding=\"async\" src=\"http:\/\/www.aholanmaito.fi\/kuvat\/ajankohtaista\/2012\/kyltti.jpg\" alt=\"eu\"\/><\/figure>\n<\/div>\n\n\n\n<div class=\"wp-block-column is-layout-flow wp-block-column-is-layout-flow\">\n<p>Eilen tiistaina tuli Ely-keskukselta rahoitusp\u00e4\u00e4t\u00f6s navetan rakentamisprojektia varten. Mukana tuli kuvan mukainen kyltti, mik\u00e4\u00a0<strong>pit\u00e4\u00e4<\/strong>\u00a0kiinnitt\u00e4\u00e4 n\u00e4kyv\u00e4lle paikalle rakennuksen sein\u00e4lle. Onko t\u00e4m\u00e4 kyltti vitsi? Tuetun rakentamisen erityiset s\u00e4\u00e4nn\u00f6t nostavat rakennuskustannuksia huomattavasti, ja paikallisen Ely-keskuksen tulkinnat n\u00e4ist\u00e4 s\u00e4\u00e4nn\u00f6ist\u00e4 kuullostavat alustavasti tiukoilta. Valuuko investointituki kokonaan n\u00e4ihin kustanuksiin? T\u00e4m\u00e4 n\u00e4hd\u00e4\u00e4n muutaman vuoden kuluessa.<\/p>\n<\/div>\n<\/div>\n\n\n\n<p><strong>3.12.2012 Tutkimuksia<\/strong><\/p>\n\n\n\n<p>Joskus kes\u00e4ll\u00e4 pisti silm\u00e4\u00e4n tutkimus Roundupin ja GMO-maissin terveysvaikutuskista rotilla. Nyt talven tultua on ollut paremmin aikaa lueskella erillaisia juttuja ja etsin tutkimusjutut uudelleen esiin. Tutkimus pisti ajattelemaan rahan ja ylikansallisten yritysten valtaa maailman ruokapolitiikassa.<br>Alla linkki tutkimuksen tiivistelm\u00e4\u00e4n sek\u00e4 Daily Mailin- ja kahteen suomenkieliseen artikkeliin tutkimuksesta. Miss\u00e4 on totuus?<\/p>\n\n\n\n<div class=\"wp-block-columns is-layout-flex wp-container-core-columns-is-layout-9d6595d7 wp-block-columns-is-layout-flex\">\n<div class=\"wp-block-column is-layout-flow wp-block-column-is-layout-flow\">\n<figure class=\"wp-block-image\"><img decoding=\"async\" src=\"http:\/\/www.aholanmaito.fi\/kuvat\/ajankohtaista\/2012\/raato.jpg\" alt=\"died\"\/><\/figure>\n<\/div>\n\n\n\n<div class=\"wp-block-column is-layout-flow wp-block-column-is-layout-flow\">\n<p><a rel=\"noreferrer noopener\" href=\"http:\/\/www.biolsci.org\/v05p0706.htm\" target=\"_blank\">Tutkimus tiivistelm\u00e4><\/a><\/p>\n\n\n\n<p><a rel=\"noreferrer noopener\" href=\"http:\/\/www.dailymail.co.uk\/sciencetech\/article-2205509\/Cancer-row-GM-foods-French-study-claims-did-THIS-rats--cause-organ-damage-early-death-humans.html?openGraphAuthor=%2Fhome%2Fsearch.html%3Fs%3D%26authornamef%3DSean%2BPoulter\" target=\"_blank\">DAILY MAIL><\/a><\/p>\n\n\n\n<p><a rel=\"noreferrer noopener\" href=\"http:\/\/www.verkkomedia.org\/news.asp?mode=2&amp;id=5106\" target=\"_blank\">Verkkomedia><\/a><\/p>\n\n\n\n<p><a rel=\"noreferrer noopener\" href=\"http:\/\/fifi.voima.fi\/voima-artikkeli\/2012\/numero-8\/gm-maissi-aiheuttaa-syopaa\" target=\"_blank\">FiFi><\/a><\/p>\n<\/div>\n<\/div>\n\n\n\n<p><strong>27.11.2012 Biologista rehuns\u00e4il\u00f6nt\u00e4\u00e4<\/strong><\/p>\n\n\n\n<p>Rehut on s\u00e4il\u00f6tty viime vuodet biologisilla s\u00e4il\u00f6nt\u00e4aineilla. Bakteerit rasittavat koneita v\u00e4hemm\u00e4n kuin hapot ja onnistuessaan lopputulos on happorehua parempi. Syystalvella 2011 s\u00e4il\u00f6nt\u00e4ainevalinnassa otettin pieni riski ja ostettiin koko kes\u00e4n s\u00e4il\u00f6nt\u00e4\u00e4n Lakkap\u00e4\u00e4lt\u00e4 20 purkkia Ecosyl-rehuns\u00e4il\u00f6nt\u00e4ainetta.<\/p>\n\n\n\n<p>S\u00e4\u00e4 ei suosinut s\u00e4il\u00f6rehun tekij\u00e4\u00e4 koko kes\u00e4n\u00e4 ja varsinkin syyssato tehtiin l\u00e4hes kokonaan vesisateessa. Toinen ongelma oli syyssadon raaka-aineen matala sokeripitoisuus. Pienell\u00e4 j\u00e4nnityksell\u00e4 on odoteltu, mit\u00e4 muovin alta paljastuu.<\/p>\n\n\n\n<p>Nyt m\u00e4r\u00e4n kes\u00e4n s\u00e4il\u00f6rehut on kaikki analysoitu ja kerrakin positiivinen yll\u00e4tys. Kaikki rehut ovat s\u00e4ilneet hyvin. Ecosylin s\u00e4il\u00f6nt\u00e4prosessi tuntuu toimivan m\u00e4r\u00e4ss\u00e4 ja my\u00f6s niukkasokerisessa raaka-aineessa. Aiemmilla biologisilla s\u00e4il\u00f6nt\u00e4aineilla niukkasokerisessa raaka-aineessa bakteereilta on loppunut ruoka kesken ja lopputuotteessa on joskus ollut huomatavaa virhek\u00e4ymist\u00e4. Pahimmillaan koko navetta on haissut kitker\u00e4lt\u00e4.<br>T\u00e4n\u00e4\u00e4n tilattiin sitten ensikes\u00e4ksi s\u00e4il\u00f6nt\u00e4aineet ja merkki ei vaihtunut.<\/p>\n\n\n\n<p><strong>19.11.2012 Ymp\u00e4rist\u00f6lupa tuli ja mets\u00e4 kaatuu<\/strong><\/p>\n\n\n\n<figure class=\"wp-block-image\"><img decoding=\"async\" src=\"http:\/\/www.aholanmaito.fi\/kuvat\/ajankohtaista\/2012\/moto.jpg\" alt=\"moto\"\/><\/figure>\n\n\n\n<p>Navettaprojekti nytk\u00e4hti taas v\u00e4h\u00e4n eteenp\u00e4in, kun t\u00e4n\u00e4\u00e4n pitk\u00e4n odottelun j\u00e4lkeen ymp\u00e4rist\u00f6lupap\u00e4\u00e4t\u00f6s kopsahti postilaatikkoon. Lupa on poskettoman kallis, 7310\u20ac ja se vaati 9 kk:n pyrokratian py\u00f6rityksen. Viel\u00e4 pit\u00e4\u00e4 j\u00e4nnitt\u00e4\u00e4 kuukauden ajan mahdollisten valitusten vuoksi. Ymp\u00e4rist\u00f6lupa p\u00e4\u00e4t\u00f6s ja AVI:n perustelut l\u00f6ytyy<em><strong><a href=\"http:\/\/www.avi.fi\/fi\/virastot\/pohjoissuomenavi\/Ymparistojavesitalousluvat\/Ymparistoluvat\/Documents\/P%C3%A4%C3%A4t%C3%B6kset\/2012\/psavi_paatos_125_12_1-2012-11-20.pdf\" target=\"_blank\" rel=\"noreferrer noopener\">t\u00e4\u00e4lt\u00e4&gt;<\/a><\/strong><\/em><br>Paperissa on kuitenkin jotain positiivista. Navetan saa rakentaa siihen, mihin sit\u00e4 alunperin suunniteltiinkin. Samantien Holtinkosken moto alkoi kaatamaan mets\u00e4\u00e4 mahdollisen navetan tielt\u00e4.<\/p>\n\n\n\n<p><strong>02.11.2012 Panki vaihtoon ja kannot murskaksi<\/strong><\/p>\n\n\n\n<p>Aholan Maito Oy:n rahoittaja ja pankkiyhteisty\u00f6kumppani vaihtuu. Maanantaina k\u00e4vell\u00e4\u00e4n pankkiin ja allekirjoitellaan muutamia sopimuksia. Tulevina vuosina pankkiasiat hoidetaan paikallisessa Utaj\u00e4rven Osuuspankissa. Utaj\u00e4rven Osuuspankin tarjous pankkipalvelusita ja navetan rahoituksesta oli kolmesta vaihtoehdosta edullisin. Nordea j\u00e4i t\u00e4ll\u00e4 kertaa h\u00e4nn\u00e4nhuipuksi.<\/p>\n\n\n\n<figure class=\"wp-block-image\"><img decoding=\"async\" src=\"http:\/\/www.aholanmaito.fi\/kuvat\/ajankohtaista\/2012\/murskaa.jpg\" alt=\"wolf\"\/><\/figure>\n\n\n\n<p>Peltoraivion kantokasat saivat kyyti\u00e4, kun Jaakko toi taas jyrsimen ty\u00f6maalle. Ennen murskausta kaivinkone py\u00f6r\u00e4ytti karheen nurin ja erotteli seasta suurimmat kivet pois. Murskaus on nopeampaa kuin kantojen pois kuljettaminen ja ravinteet j\u00e4\u00e4v\u00e4t peltoon tulevien kasvien k\u00e4ytt\u00f6\u00f6n.<\/p>\n\n\n\n<p><a href=\"http:\/\/www.youtube.com\/watch?v=HhY9UU2R7h4\" target=\"_blank\" rel=\"noreferrer noopener\">Videokuvaa murskauksesta&gt;<\/a><\/p>\n\n\n\n<p><strong>26.09.2012 Maal\u00e4mp\u00f6\u00e4<\/strong><\/p>\n\n\n\n<figure class=\"wp-block-image\"><img decoding=\"async\" src=\"http:\/\/www.aholanmaito.fi\/kuvat\/ajankohtaista\/2012\/maalampo.jpg\" alt=\"maal\u00e4mp\u00f6\"\/><\/figure>\n\n\n\n<p>Viiden vuoden p\u00e4hk\u00e4ilyn ja laskennan j\u00e4lkeen tehtiin l\u00e4mmitysj\u00e4rjestelm\u00e4n valinta. Taloon ja navettaan asennetaan kumpaankin oma maal\u00e4mp\u00f6pumppu systeemi. Maanantaina tuli urakoitsija poraamaan talon viereen kaivoa ja tiistai iltana pumppu pumppasi jo l\u00e4mp\u00f6\u00e4 maasta.LVI Eilola Ky:n poikien ripeytt\u00e4 ja ammattitaitoa t\u00e4ytyy vain ihailla. Navettaan j\u00e4rjestelm\u00e4 asennettaneen muutaman vuoden p\u00e4\u00e4st\u00e4.<\/p>\n\n\n\n<p>Valinnan ratkaisi maal\u00e4mp\u00f6 j\u00e4rjestelm\u00e4n k\u00e4yt\u00f6n helppous. Yll\u00e4pitoon ei tarvita mit\u00e4\u00e4n ty\u00f6t\u00e4. Biokaasun tuotantoon tarvitaan ylim\u00e4\u00e4r\u00e4ist\u00e4 peltoa ja se ei sovellu meid\u00e4n ajatusmaailmaan ollenkaan. Puulla tuotettu kilovattitunti olisi halvin, mutta l\u00e4mp\u00f6keskuksen tai l\u00e4mp\u00f6\/s\u00e4hk\u00f6laitoksen rakentamiskustanukset olisivat olleet moninkertaiset. Lis\u00e4ksi enegian siirtokustannukset l\u00e4mp\u00f6kanaalih\u00e4vikkin\u00e4, ja ty\u00f6kustannus olisivat huomattava menoer\u00e4 joka viikko. Touhutkoon risun, puun ja tuhkan kanssa se joka niist\u00e4 tykk\u00e4\u00e4. Me k\u00f6ll\u00f6tell\u00e4\u00e4n vaikka sohvalla sen aikaa.<\/p>\n\n\n\n<p><strong>19.09.2012 Pankit kilpasilla<\/strong><\/p>\n\n\n\n<p><img loading=\"lazy\" decoding=\"async\" src=\"http:\/\/www.aholanmaito.fi\/kuvat\/ajankohtaista\/2012\/rahaa.JPG\" alt=\"\" width=\"150\" height=\"87\">Tulevien investointien takia on neuvoteltu eri pankkien kanssa rahoituksen ja pankkipalvelun hinnoittelusta. Loppusuoralle on p\u00e4\u00e4ssyt kolme pankkia. Parin viikon aikana pit\u00e4isi tehd\u00e4 p\u00e4\u00e4t\u00f6s tulevasta yhteisty\u00f6 kumppanista. Tahtoa pankeilla on kyll\u00e4 kiitett\u00e4v\u00e4sti. N\u00e4ytt\u00e4\u00e4 vahasti silt\u00e4 ett\u00e4 pankki vaihtuu.<\/p>\n\n\n\n<p><strong>16.09.2012 M\u00e4rk\u00e4 kes\u00e4<\/strong><\/p>\n\n\n\n<p>Kes\u00e4 on ollut monin paikoin hyvin m\u00e4rk\u00e4 ja kolea. Kaikesta huolimatta rehua on saatu talteen riitt\u00e4v\u00e4sti ja ensimm\u00e4isten analyysien perusteella laatukin on odotuksiin n\u00e4hden hyv\u00e4. L\u00e4hes kaikki s\u00e4il\u00f6rehu korjattiin m\u00e4rk\u00e4n\u00e4 ja v\u00e4lill\u00e4 vesisateessa. Viljat ja herneet korjattiin py\u00f6r\u00f6paaliin ja varsinkin hernepaalut ovat mieluista sy\u00f6t\u00e4v\u00e4\u00e4 lehmille. Kaikki v\u00e4kirehut pit\u00e4\u00e4 ostaa.<\/p>\n\n\n\n<p>Kev\u00e4\u00e4ll\u00e4 tehtiin sopimuksia viljan, herneen ja h\u00e4rk\u00e4pavun viljelij\u00f6iden kanssa. H\u00e4rk\u00e4papua saataneen sovittu m\u00e4\u00e4r\u00e4 mutta viljan ja herneen viljelij\u00f6ill\u00e4 on vaikeuksia. Kasvustot ovat k\u00e4rsineet sateista, tulvista ja viileydest\u00e4 ja nyt kes\u00e4 loppuu kesken.Kasvustot ei ehdi tuuleentua kunnolla ja pehme\u00e4n viljan kuivaus on kallista puuhaa.<\/p>\n\n\n\n<figure class=\"wp-block-image\"><img decoding=\"async\" src=\"http:\/\/www.aholanmaito.fi\/kuvat\/ajankohtaista\/2012\/kontti.jpg\" alt=\"merikontti\"\/><\/figure>\n\n\n\n<p>Viljan ja herneen tuores\u00e4il\u00f6nt\u00e4\u00e4 varten tehtiin &#8221;laakasiilo&#8221; vanhasta opentop merikontista. Kontin lattia uusittiin ja seiniin laitettiin parin sentin vanerit. Viel\u00e4 kun saisi jostakin v\u00e4hint\u00e4\u00e4n 50 tn luomumurskeviljaa.<\/p>\n\n\n\n<p><strong>09.08.2012 Aluehallintoviraston mielivaltaa?<\/strong><\/p>\n\n\n\n<p>Lypsykarjahallin rakentamiseen haettua ymp\u00e4rist\u00f6lupaa on odotettu jo puoli vuotta, ja nyt tuli Aluehallintovirastolta kirje. Suunniteltua navettaa pit\u00e4isi sen mukaan siirt\u00e4\u00e4 kauemmaksi. Ongelma on kun naapurin raja tulee sill\u00e4 suunnalla vastaan. K\u00e4yt\u00e4nn\u00f6ss\u00e4 navettaa pit\u00e4isi siirt\u00e4\u00e4 puolikilometri\u00e4 ja silloin toiminta kyll\u00e4 hajautuu aikalailla. Puolet lietteest\u00e4 t\u00e4\u00e4ll\u00e4 ja puolet siell\u00e4 ja pitkin talvea lietett\u00e4 ja paskaa siirrell\u00e4\u00e4n t\u00e4nne vanhoihin varastoihin. Hiehoja siirrell\u00e4\u00e4n sinne, vastasyntyneit\u00e4 vasikoita t\u00e4nne ja lehmi\u00e4 ja jalostussonnia sinne ja v\u00e4lill\u00e4 t\u00e4nne. Rehua ja vasikanmaitoa ajetaan my\u00f6s edestakaisin sinne ja t\u00e4nne. Kallista energiaa kuluu.<\/p>\n\n\n\n<p>Syyn\u00e4 Aluehallintoviraston tulkintaan on tilan ty\u00f6ntekij\u00e4n perheen asunto. Asunto on tilakeskuksen toisella laidalla ja siihen asuntoon pit\u00e4isi saada et\u00e4isyytt\u00e4 v\u00e4hint\u00e4\u00e4n 320 m. Koomisinta tilanteessa on kun ty\u00f6ntekij\u00e4lle luovutettiin aikanaan tontti nimenomaan L\u00c4HELT\u00c4 lypsykarjanavetan p\u00e4ivystyst\u00e4 helpottamaan. T\u00e4h\u00e4n asti robotin ja poikimisten p\u00e4ivystys on toiminut loistavasti my\u00f6s lomien aikana&#8230;. Aluehallintovirasto haluaa vaikeuttaa t\u00e4t\u00e4kin.<\/p>\n\n\n\n<p><strong>06.08.2012<\/strong><\/p>\n\n\n\n<p>Rehun korjuun voisi aloittaa kasvustojen perusteella pian. Monsuunisateiden vuoksi osa pelloista on m\u00e4rki\u00e4 ett\u00e4 nyt odotellaan pitk\u00e4\u00e4 poutaa. Jos syyskes\u00e4 olisi edes kohtuullinen niin talveen voisi l\u00e4hte\u00e4 sateista huolimatta hyvill\u00e4 mielin. Kes\u00e4n sato on aivan normaali.<\/p>\n\n\n\n<figure class=\"wp-block-image\"><img decoding=\"async\" src=\"http:\/\/www.aholanmaito.fi\/kuvat\/ajankohtaista\/2012\/rehukasvaa.jpg\" alt=\"rehua\"\/><\/figure>\n\n\n\n<p>T\u00e4ydennyskylv\u00f6jen ansiosta kuudennen vuoden nurmi antaa viel\u00e4 hyv\u00e4n s\u00e4don. Parina ensimm\u00e4isen\u00e4 vuonna nurmea t\u00e4ydennettiin apilanurmisiemenseoksella ja t\u00e4m\u00e4n vuoden kev\u00e4\u00e4n\u00e4 kylvettiin sekaan italian raihein\u00e4n siement\u00e4 vajaa 30 kg\/ha. Urakoitsija veti ensimm\u00e4isen sadon j\u00e4lkeen nurmen sekaan Vredolla 35 tn\/ha naudan lietett\u00e4.<\/p>\n\n\n\n<figure class=\"wp-block-image\"><img decoding=\"async\" src=\"http:\/\/www.aholanmaito.fi\/kuvat\/ajankohtaista\/2012\/rehual.jpg\" alt=\"apilaa\"\/><\/figure>\n\n\n\n<p>Kasvustossa on viel\u00e4 paikoin valko- ja alsikeapilaa runsaasti ja n\u00e4m\u00e4 ovat tukahduttaneet kev\u00e4\u00e4ll\u00e4 kylvetyn raihein\u00e4n. Aukkopaikat ovat sitten raihein\u00e4valtaista kasvustoa. Lohkojen reunaheinikoita on ker\u00e4tty lehmille appeen sekaan ja n\u00e4in testataan nurmen ruokinnallisia vaikutuksia. Kuitua on nurmessa v\u00e4h\u00e4n, koska ilman karkearehut\u00e4ydennyst\u00e4 paska lent\u00e4\u00e4 ..<\/p>\n\n\n\n<p><strong>20.07.2012 Luomuhein\u00e4 kasvaa<\/strong><\/p>\n\n\n\n<p>Kosteana kes\u00e4n\u00e4 nurmet ovat kasvaneet hyvin. Paikoin pellot ovat pehmeit\u00e4, mutta suurenpia ongelmia ei kuitenkaan ole ollut. Pieni\u00e4 poutajaksoja on ollut ja ty\u00f6t on saatu tehty\u00e4.<\/p>\n\n\n\n<figure class=\"wp-block-image\"><img decoding=\"async\" src=\"http:\/\/www.aholanmaito.fi\/kuvat\/ajankohtaista\/2012\/poyhii.jpg\" alt=\"mf\"\/><\/figure>\n\n\n\n<p>Hein\u00e4kuun alussa oli viikon pouta ja silloin tehtiin kuivaa hein\u00e4\u00e4. Luvattuja sateita ei n\u00e4kynyt ja hein\u00e4 saatiin hyv\u00e4laatuisena kuivuriin.<\/p>\n\n\n\n<figure class=\"wp-block-image\"><img decoding=\"async\" src=\"http:\/\/www.aholanmaito.fi\/kuvat\/ajankohtaista\/2012\/orastaa.jpg\" alt=\"oraat\"\/><\/figure>\n\n\n\n<p>Naurismaa vihert\u00e4\u00e4 jo kauniisti. Tuskin t\u00e4t\u00e4 kauraa kuitenkaan puida tarvitsee. Kes\u00e4 loppuu kesken.<\/p>\n\n\n\n<figure class=\"wp-block-image\"><img decoding=\"async\" src=\"http:\/\/www.aholanmaito.fi\/kuvat\/ajankohtaista\/2012\/raivasikat.jpg\" alt=\"calves\"\/><\/figure>\n\n\n\n<p>Osa alueesta aidattiin ja seitsem\u00e4ntoista vasikkaa p\u00e4\u00e4si uudismaan laitumelle. Toivottavasti karhut ja sudet pysyy kaukana.<\/p>\n\n\n\n<p><strong>15.06.2012 Naurismaa kylv\u00f6\u00f6n<\/strong><\/p>\n\n\n\n<figure class=\"wp-block-image\"><img decoding=\"async\" src=\"http:\/\/www.aholanmaito.fi\/kuvat\/ajankohtaista\/2012\/ruuvaa.jpg\" alt=\"jaakko\"\/><\/figure>\n\n\n\n<p>Muutaman aarin peltoraivio alkaa olla loppusuoralla, kun Turpeinen ruuvasi peltoa muotoon. Jos t\u00e4h\u00e4n kylv\u00e4isi vaikka juhannusviikolla naurista. Ty\u00f6t\u00e4 j\u00e4\u00e4 viel\u00e4 tuleville vuosille, kun kivikkolaitojen kantokasat pit\u00e4\u00e4 joskus perkata. T\u00e4ss\u00e4 hommassa on oppinut, ett\u00e4 mit\u00e4 enemm\u00e4n aikaa kuluu hakkuusta, sen v\u00e4hemm\u00e4n energiaa kuluu pellon saamiseen viljelykuntoon. Lahottajat tekee hyv\u00e4\u00e4 ty\u00f6t\u00e4 ja risut v\u00e4henee itsekseen.<\/p>\n\n\n\n<p>Alla olevassa kuvasarjassa on kuvia suunnilleen samasta paikasta eri vuosilta.<\/p>\n\n\n\n<figure class=\"wp-block-image\"><img decoding=\"async\" src=\"http:\/\/www.aholanmaito.fi\/kuvat\/ajankohtaista\/moto(1).jpg\" alt=\"moto\"\/><\/figure>\n\n\n\n<p>Mets\u00e4palsta ostettiin hein\u00e4kuussa 2009 ja syyskuussa kaksi motoa hakkasi puuta pois.<\/p>\n\n\n\n<figure class=\"wp-block-image\"><img decoding=\"async\" src=\"http:\/\/www.aholanmaito.fi\/kuvat\/ajankohtaista\/2012\/kantoja.jpg\" alt=\"\"\/><\/figure>\n\n\n\n<p>Huhtikuussa 2010 oli kantoja ja juurakoita kasassa. Kannot ker\u00e4ttiin energien tuotantoon.<\/p>\n\n\n\n<figure class=\"wp-block-image\"><img decoding=\"async\" src=\"http:\/\/www.aholanmaito.fi\/kuvat\/ajankohtaista\/2010\/jyrsii2.jpg\" alt=\"\"\/><\/figure>\n\n\n\n<p>Marraskuussa 2010 Turpeinen jyrsi routaa, homma jatkettiin syksyll\u00e4 2011<\/p>\n\n\n\n<figure class=\"wp-block-image\"><img decoding=\"async\" src=\"http:\/\/www.aholanmaito.fi\/kuvat\/ajankohtaista\/2012\/pelaivio.jpg\" alt=\"pelto\"\/><\/figure>\n\n\n\n<p>Kes\u00e4kuussa 2012 homma on l\u00e4hes finaalissa.<\/p>\n\n\n\n<p><strong>12.06.2012 laiduntamisen haasteita<\/strong><\/p>\n\n\n\n<figure class=\"wp-block-image\"><img decoding=\"async\" src=\"http:\/\/www.aholanmaito.fi\/kuvat\/ajankohtaista\/2012\/tarha2.jpg\" alt=\"vasikoita\"\/><\/figure>\n\n\n\n<p>Luomutuotannossa kaikki yli kolmen kuukauden ik\u00e4iset naudat pit\u00e4\u00e4 p\u00e4\u00e4st\u00e4\u00e4 kes\u00e4ksi laitumelle. Suuremmassa tuotantoyksik\u00f6ss\u00e4 laiduntamisen j\u00e4rjest\u00e4minen on joskus haasteellista. Viime kes\u00e4n\u00e4 vasikat karkailivat ja loppukes\u00e4ll\u00e4 laitumet meniv\u00e4t kuralle.<\/p>\n\n\n\n<figure class=\"wp-block-image\"><img decoding=\"async\" src=\"http:\/\/www.aholanmaito.fi\/kuvat\/ajankohtaista\/2012\/tarha.jpg\" alt=\"calves\"\/><\/figure>\n\n\n\n<p>Nyt vasikoille tehtiin panssariverkosta kunnon aitaus. Ei tule vasikka kovin herk\u00e4sti aidan l\u00e4pi eik\u00e4 yli.<\/p>\n\n\n\n<p><strong>20.5.2012 M\u00e4rkyys vaivaa<\/strong><\/p>\n\n\n\n<p>Lumi l\u00e4hti nopeasti vesisateiden avulla ja tulva oli vied\u00e4 Naamantien menness\u00e4\u00e4n. Kun maa oli sula h\u00e4ipyiv\u00e4t tulvavedet kuitenkin nopeasti ja tiekin s\u00e4ilyi ajokelpoisena. Tielaitos joutui tuomaan muutman murskekuorman.<\/p>\n\n\n\n<figure class=\"wp-block-image\"><img decoding=\"async\" src=\"http:\/\/www.aholanmaito.fi\/kuvat\/ajankohtaista\/2012\/tulva.jpg\" alt=\"tulva\"\/><\/figure>\n\n\n\n<p>Kev\u00e4t on jatkunut sateisena ja pellot ovat m\u00e4rki\u00e4. Toukot\u00f6it\u00e4 ei oikein ole viel\u00e4 p\u00e4\u00e4sty aloittelemaan. Kosteus ja l\u00e4mp\u00f6 ovat auttaneet nurmet kasvualkuun.<\/p>\n\n\n\n<figure class=\"wp-block-image\"><img decoding=\"async\" src=\"http:\/\/www.aholanmaito.fi\/kuvat\/ajankohtaista\/2012\/haraus.jpg\" alt=\"haraa\"\/><\/figure>\n\n\n\n<p>M\u00e4r\u00e4n syksyn ja talven j\u00e4ljilt\u00e4 on nurmissa paljon aukkoja. Lis\u00e4ksi myyr\u00e4n kekoja on ilmestynyt pelloille tavanomaista enemm\u00e4n. L\u00e4hes kaikki nurmet harataan ja ripotellaan siement\u00e4 sekaan.<\/p>\n\n\n\n<p><strong>15.4.2012 Rosvot vei py\u00f6r\u00f6paalut<\/strong><\/p>\n\n\n\n<p>Syksyll\u00e4 j\u00e4i Poutiaisen suopellolle reipas 40 py\u00f6r\u00f6paalua hakematta kotiin. Nyt lumien v\u00e4hennytty\u00e4 mentiin hakemaan traktorilla paaleja, oli pellolla yll\u00e4tys.<\/p>\n\n\n\n<figure class=\"wp-block-image\"><img decoding=\"async\" src=\"http:\/\/www.aholanmaito.fi\/kuvat\/ajankohtaista\/2012\/Hirvitu17.jpg\" alt=\"paaluja\"\/><\/figure>\n\n\n\n<p>Toistakymment\u00e4 paalua oli kadonnut kokonaaan, ja vain muovit ja verkot olivat vain mytyss\u00e4 kolon pohjalla. Loput paalit olivat enemm\u00e4 tai v\u00e4hemm\u00e4n revittyj\u00e4 ja sy\u00f6tyj\u00e4. Ennen ei n\u00e4in t\u00e4ydellist\u00e4 tuhoa ole meill\u00e4 ollut.<\/p>\n\n\n\n<figure class=\"wp-block-image\"><img decoding=\"async\" src=\"http:\/\/www.aholanmaito.fi\/kuvat\/ajankohtaista\/2012\/Hirvituho8.jpg\" alt=\"hirvi\"\/><\/figure>\n\n\n\n<p>Pellon takalaidalla paalien luona oli juhlat menossa. Lihavat hirvet herkuttelivat luomuapilas\u00e4il\u00f6rehulla ja kovaa vauhtia katosi rehu rosvojen suuhun. Hyv\u00e4 etteiv\u00e4t hirvirosvot juhlien h\u00e4iritsij\u00e4n kimppuun k\u00e4yneet. Syksyll\u00e4 pit\u00e4\u00e4 kyll\u00e4 hirvimiehilt\u00e4 saada n\u00e4iden lihotettujen hirvien lihaa. Sitten voisi haarukalla ja veitsell\u00e4 kostaa t\u00e4m\u00e4 rosvojoukon ty\u00f6.<\/p>\n\n\n\n<figure class=\"wp-block-image\"><img decoding=\"async\" src=\"http:\/\/www.aholanmaito.fi\/kuvat\/ajankohtaista\/2012\/Hirvit9.jpg\" alt=\"hirvet\"\/><\/figure>\n\n\n\n<p>Taisi olla viimeinen kerta, kun py\u00f6r\u00f6paaluja j\u00e4\u00e4 pellonreunalle talven ajaksi. Tuhotulla rehulla olisi ollut parempaakin k\u00e4ytt\u00f6\u00e4. Hiehojen kes\u00e4rehut on sy\u00f6ty.<\/p>\n\n\n\n<p><strong>5.4.2012 Valtra Massikan kuorilla<\/strong><\/p>\n\n\n\n<figure class=\"wp-block-image\"><img decoding=\"async\" src=\"http:\/\/www.aholanmaito.fi\/kuvat\/ajankohtaista\/2012\/MF.jpg\" alt=\"Mf\"\/><\/figure>\n\n\n\n<p>Lis\u00e4\u00e4ntynyt peltoala ja kasvava rehuntarve aiheuttaa kustannuksia. Tulevan kes\u00e4n vijelysuunnitelmia tehdess\u00e4 meni y\u00f6unet, kun yksi traktori alkoi n\u00e4ytt\u00e4\u00e4 riitt\u00e4m\u00e4tt\u00f6m\u00e4lt\u00e4 yli puolentoistasadan peltohehtaarin hoitoon. Ja koska viel\u00e4 keskener\u00e4inen muutaman aarin raivio lis\u00e4\u00e4 traktori ty\u00f6t\u00e4, tuli kaupunki reissulla tehty\u00e4 her\u00e4teostos. Kotimainen Valtra massikan kuorilla. MassikkaValtra tuntuu varsin sopivalta keve\u00e4mpiin peltot\u00f6ihin ja sunnuntain hupiajeluun. Pikkuhommissa s\u00e4\u00e4styy polttoainetta, kun ei tarvitse niin paljon rautaa liikutella, mit\u00e4 Casessa on.<\/p>\n\n\n\n<p><strong>13.03.2012<br>Peltoa lis\u00e4\u00e4<\/strong><\/p>\n\n\n\n<p>Talvi on k\u00e4\u00e4ntynyt kev\u00e4\u00e4ksi ja pakkaset n\u00e4ytt\u00e4v\u00e4t olevan ohi. Pakkaskausi meni ilman suurempia murheita ja luomumaidontuotanto jatkuu positiivisissa tunnelmissa. Lehm\u00e4t ovat olleet p\u00e4\u00e4asiassa tervein\u00e4 ja maitoa on tullut odotettua enemm\u00e4n. Navetan ahtaus h\u00e4iritsee arkojen hiehojen sy\u00f6nti\u00e4 ja lypsyll\u00e4 kulkuja. Hiehoja on saanut ajaa ajoittain lypsylle, kun Lelyn lypsykapasiteetti on ollut turhan tiukalla. Ahtaus aiheutta el\u00e4imille my\u00f6s tressi\u00e4, mik\u00e4 n\u00e4kyy v\u00e4lill\u00e4utaretulehduksina.<\/p>\n\n\n\n<figure class=\"wp-block-image\"><img decoding=\"async\" src=\"http:\/\/www.aholanmaito.fi\/kuvat\/ajankohtaista\/2012\/silta.jpg\" alt=\"silta\"\/><\/figure>\n\n\n\n<p>T\u00e4n\u00e4\u00e4n piti ostaa taas vaihteeksi peltoa. Hieno 4ha:n salaojalohko kolmenkilometrin p\u00e4\u00e4st\u00e4 vaihtoi omistajaa ja lohko saa tuottaa tulevaisuudessa rehua lis\u00e4\u00e4ntyvien el\u00e4inten tarpeeseen. Lohkon huonopuoli on Naamanjoen ylitt\u00e4v\u00e4 heikko silta, ja se t\u00e4ytyy l\u00e4hitulevaisuudessa korjata. Nykykunnossa sille ei ole raskaalla liete- tai rehukalustolla mit\u00e4\u00e4n asiaa.<\/p>\n\n\n\n<p><strong>28.01.2012.<\/strong><br><strong>Kun lehm\u00e4 kasvoi partta suuremmaksi<\/strong><\/p>\n\n\n\n<p>Aholan navetan monien alueiden perusmitoitus on 80-luvun lopulta. Reilussa kahdessakymmeness\u00e4 vuodessa lehmien keskipaino on noussut yli 150 kg. El\u00e4inten hyvinvoinnin takaamiseksi tila- ja olosuhdevaatimukset navetassa ovat kasvaneet rajusti nykyvuosina. Vanhat tilat eiv\u00e4t riit\u00e4 kunnolla el\u00e4imelle ja navetassa el\u00e4in ei voi parhaalla mahdollisella tavalla. Korjauksillakaan ei saada olosuhteita kuntoon, kun sein\u00e4t ovat liian ahtaala ja lietekourut v\u00e4\u00e4r\u00e4ss\u00e4 paikassa. Lehmien kulkuk\u00e4yt\u00e4v\u00e4t ahdistaa, suurimmat lehm\u00e4t kolhivat itse\u00e4\u00e4n alimitoitetussa makuuparressa, ja arimmat nuorikot eiv\u00e4t saa tarpeeksi ruokailutilaa. N\u00e4in se on, vaikka navetta t\u00e4ytt\u00e4\u00e4 el\u00e4imen minimivaatimukset ja valtaosa maailman lehmist\u00e4 on viel\u00e4 huonommissa olosuhteissa.<\/p>\n\n\n\n<figure class=\"wp-block-image\"><img decoding=\"async\" src=\"http:\/\/www.aholanmaito.fi\/kuvat\/ajankohtaista\/2012\/lehma.jpg\" alt=\"lehm\u00e4\"\/><\/figure>\n\n\n\n<p>Jos suunnitelmat toteutuu rakennetaan lypsylehmille uusi navetta. Piirrustukset ovat valmiit ja ymp\u00e4rist\u00f6lupahakemus viranomaisille j\u00e4tet\u00e4\u00e4n n\u00e4in\u00e4 p\u00e4ivin\u00e4. Kaikkien suunniteltujen investointien kustannus nousee yli miljoonan euron, ja t\u00e4m\u00e4n maksamiseksi luomumaidon tuotanto on tarkoitus nostaan kaksinkertaiseksi vuoteen 2015 menness\u00e4. Sen j\u00e4lkeen my\u00f6s maidonkeruukustannus syrj\u00e4iselt\u00e4 tilalta maitolitraa kohti ei ole kohtuuton. Luomumaitotiloja on viel\u00e4 liian harvassa ja maitoautolle tahtoo tulla paljon kilomertej\u00e4 sen huristellessa luomumaidon per\u00e4ss\u00e4.<\/p>\n\n\n\n<p>Oleellista suunnitelmien toteutumiselle on, s\u00e4ilyyk\u00f6 maidontuotannon kannattavuus kohtuullisella tasolla ja s\u00e4ilyyk\u00f6 kotimaisen luomumaidon kysynt\u00e4 hyv\u00e4n\u00e4 tulevaisuudessa. Ja saadaanko hankkeelle tarvittavat luvat ja rahoitus. On loistava asia, ett\u00e4 ainakin EU-byrokratia tukee voimakkaasti el\u00e4inten hyvinvointia ja siihen teht\u00e4vi\u00e4 investointeja tukij\u00e4rjestelm\u00e4n avulla.<\/p>\n","protected":false},"excerpt":{"rendered":"<p>20.12.2012 Parasta ja kalleinta Navetta investointi etenee ja rahat hupenee. T\u00e4n\u00e4\u00e4n illalla varmistui apevaunukauppa, kun Janne M\u00e4llinen k\u00e4vi kyl\u00e4ss\u00e4 aamukahvilla. Helmikuussa pihaan pit\u00e4isi tulla Eurocomp EVM 3 ECO sekoitin mylly. Olisiko t\u00e4ss\u00e4 paras ja kallein vaunu meid\u00e4n tarpeeseen? Aika n\u00e4ytt\u00e4\u00e4, &hellip; <a href=\"https:\/\/www.aholanmaito.fi\/testi\/vuosi-2012\/\">Lue loppuun <span class=\"meta-nav\">&rarr;<\/span><\/a><\/p>\n","protected":false},"author":1,"featured_media":0,"parent":0,"menu_order":0,"comment_status":"closed","ping_status":"closed","template":"","meta":{"footnotes":""},"class_list":["post-568","page","type-page","status-publish","hentry"],"_links":{"self":[{"href":"https:\/\/www.aholanmaito.fi\/testi\/wp-json\/wp\/v2\/pages\/568","targetHints":{"allow":["GET"]}}],"collection":[{"href":"https:\/\/www.aholanmaito.fi\/testi\/wp-json\/wp\/v2\/pages"}],"about":[{"href":"https:\/\/www.aholanmaito.fi\/testi\/wp-json\/wp\/v2\/types\/page"}],"author":[{"embeddable":true,"href":"https:\/\/www.aholanmaito.fi\/testi\/wp-json\/wp\/v2\/users\/1"}],"replies":[{"embeddable":true,"href":"https:\/\/www.aholanmaito.fi\/testi\/wp-json\/wp\/v2\/comments?post=568"}],"version-history":[{"count":1,"href":"https:\/\/www.aholanmaito.fi\/testi\/wp-json\/wp\/v2\/pages\/568\/revisions"}],"predecessor-version":[{"id":569,"href":"https:\/\/www.aholanmaito.fi\/testi\/wp-json\/wp\/v2\/pages\/568\/revisions\/569"}],"wp:attachment":[{"href":"https:\/\/www.aholanmaito.fi\/testi\/wp-json\/wp\/v2\/media?parent=568"}],"curies":[{"name":"wp","href":"https:\/\/api.w.org\/{rel}","templated":true}]}}